{"id":671,"date":"2025-03-07T08:55:38","date_gmt":"2025-03-07T08:55:38","guid":{"rendered":"https:\/\/cetusglobal.com\/?page_id=671"},"modified":"2025-03-07T08:55:39","modified_gmt":"2025-03-07T08:55:39","slug":"politica-de-privacidad","status":"publish","type":"page","link":"https:\/\/cetusglobal.com\/index.php\/politica-de-privacidad\/","title":{"rendered":"Pol\u00edtica de Privacidad"},"content":{"rendered":"\n[et_pb_section fb_built=\u00bb1&#8243; _builder_version=\u00bb4.16&#8243; da_disable_devices=\u00bboff|off|off\u00bb global_colors_info=\u00bb{}\u00bb width=\u00bb99.9%\u00bb da_is_popup=\u00bboff\u00bb da_exit_intent=\u00bboff\u00bb da_has_close=\u00bbon\u00bb da_alt_close=\u00bboff\u00bb da_dark_close=\u00bboff\u00bb da_not_modal=\u00bbon\u00bb da_is_singular=\u00bboff\u00bb da_with_loader=\u00bboff\u00bb da_has_shadow=\u00bbon\u00bb][et_pb_row _builder_version=\u00bb4.16&#8243; background_size=\u00bbinitial\u00bb background_position=\u00bbtop_left\u00bb background_repeat=\u00bbrepeat\u00bb global_colors_info=\u00bb{}\u00bb][et_pb_column type=\u00bb4_4&#8243; _builder_version=\u00bb4.16&#8243; custom_padding=\u00bb|||\u00bb global_colors_info=\u00bb{}\u00bb custom_padding__hover=\u00bb|||\u00bb][et_pb_text _builder_version=\u00bb4.27.4&#8243; background_size=\u00bbinitial\u00bb background_position=\u00bbtop_left\u00bb background_repeat=\u00bbrepeat\u00bb hover_enabled=\u00bb0&#8243; global_colors_info=\u00bb{}\u00bb sticky_enabled=\u00bb0&#8243;]<p><!-- divi:columns --><\/p>\n<div class=\"wp-block-columns\">\n<p><!-- divi:column {\"width\":\"100%\"} --><\/p>\n<div class=\"wp-block-column\" style=\"flex-basis: 100%;\">\n<p><!-- divi:quote --><\/p>\n<blockquote class=\"wp-block-quote\">\n<p><!-- divi:heading --><\/p>\n<div class=\"et_pb_section et_pb_section_0 reveal_section et_section_regular\">\n<div class=\"et_pb_row et_pb_row_0 et_had_animation\">\n<div class=\"et_pb_column et_pb_column_1_2 et_pb_column_0  et_pb_css_mix_blend_mode_passthrough\">\n<div class=\"et_pb_module et_pb_text et_pb_text_0  et_pb_text_align_left et_pb_bg_layout_light\">\n<div class=\"et_pb_text_inner\">\n<h2 class=\"et_pb_module_header\" style=\"text-align: justify;\"><span color=\"#007833\">Pol\u00edtica de Privacidad<\/span><\/h2>\n<h3 style=\"text-align: justify;\"><\/h3>\n<p style=\"text-align: justify;\">En su calidad de Usuario, CETUS DIFUSI\u00d3N, S.L. (en adelante, \u201cGRUPO CETUS\u201d) le informa de su pol\u00edtica de protecci\u00f3n de datos de car\u00e1cter personal para que libre y voluntariamente pueda decidir facilitarnos, los datos personales que le podamos requerir para acceder a los distintos servicios y contenidos ofertados en nuestra p\u00e1gina web.<\/p>\n<p style=\"text-align: justify;\">Conforme a lo dispuesto en el Reglamento (UE) 679\/2016 del Parlamento y del Consejo de 27 de abril de 2016 relativo a la protecci\u00f3n de las personas f\u00edsicas en lo que respecta al tratamiento de datos personales y a la libre circulaci\u00f3n de esos datos (en adelante, \u201cRGPD\u201d) y a la normativa de desarrollo que lo complementa le informamos:<span class=\"fa fa-caret-right\"><\/span><span>\u00a0<\/span><\/p>\n<\/div>\n<\/div>\n<\/div>\n<div class=\"et_pb_column et_pb_column_1_2 et_pb_column_1  et_pb_css_mix_blend_mode_passthrough et-last-child\" style=\"text-align: justify;\">\n<div class=\"et_pb_module et_pb_image et_pb_image_0\"><\/div>\n<\/div>\n<\/div>\n<div class=\"et_pb_row et_pb_row_1\" style=\"text-align: justify;\">\n<div class=\"et_pb_column et_pb_column_4_4 et_pb_column_2  et_pb_css_mix_blend_mode_passthrough et-last-child\">\n<div class=\"et_pb_module et_pb_text et_pb_text_1  et_pb_text_align_left et_pb_bg_layout_light\">\n<div class=\"et_pb_text_inner\">\n<div id=\"contenedor\">\n<section class=\"section container-fluid\">\n<h2 style=\"text-align: justify;\">\u00bfQui\u00e9n es el responsable de sus datos?<\/h2>\n<p>GRUPO CETUS, provista de CIF B15894017, con domicilio en Pol\u00edgono O Acevedo, Parcela A, 15185 \u2013 Cerceda (A Coru\u00f1a).<\/p>\n<p>&nbsp;<\/p>\n<h2 style=\"text-align: justify;\">\u00bfCon qu\u00e9 finalidad tratamos sus datos?<\/h2>\n<p>&nbsp;<\/p>\n<h3 style=\"text-align: justify;\"><\/h3>\n<h3 style=\"text-align: justify;\">Consultas y solicitudes<\/h3>\n<p style=\"text-align: justify;\">Gestionar las consultas y solicitudes que a trav\u00e9s de cualquier formulario electr\u00f3nico disponible en el sitio web o a trav\u00e9s de correo electr\u00f3nico nos hagan los usuarios que visiten el portal. Las preguntas o campos incluidos en los formularios tienen car\u00e1cter voluntario salvo aquellas que contengan un asterisco (*) que son obligatorias. En el caso de no contestar o cumplimentar las preguntas o campos obligatorios, GRUPO CETUS se reserva el derecho a tramitar la consulta o solicitud.<\/p>\n<h3 style=\"text-align: justify;\"><\/h3>\n<h3 style=\"text-align: justify;\"><\/h3>\n<h3 style=\"text-align: justify;\">Selecci\u00f3n de personal<\/h3>\n<p style=\"text-align: justify;\">Gestionar los datos personales proporcionados por los candidatos a trav\u00e9s del correo electr\u00f3nico existente para dicho fin en la p\u00e1gina web. Los datos proporcionados por los candidatos ser\u00e1n tratados para evaluar a los candidatos en actuales o futuros procesos de selecci\u00f3n de personal.<\/p>\n<h3 style=\"text-align: justify;\"><\/h3>\n<h3 style=\"text-align: justify;\"><\/h3>\n<h3 style=\"text-align: justify;\">Env\u00edo de informaci\u00f3n comercial<\/h3>\n<p style=\"text-align: justify;\">Solamente aquellas personas que expresamente lo acepten recibir\u00e1n correos electr\u00f3nicos con informaci\u00f3n de la empresa, sus productos y sus servicios. En cualquier momento, los interesados podr\u00e1n acceder a sus datos, y ejercer sus derechos de rectificaci\u00f3n, supresi\u00f3n y oposici\u00f3n.<\/p>\n<p style=\"text-align: justify;\">Los datos personales obtenidos ser\u00e1n tratados con las siguientes finalidades:<\/p>\n<p style=\"text-align: justify;\"><span class=\"fa fa-caret-right\"><\/span><span>\u00a0<\/span>Remitir electr\u00f3nicamente boletines con noticias relacionadas con nuestra actividad<\/p>\n<p style=\"text-align: justify;\"><span class=\"fa fa-caret-right\"><\/span><span>\u00a0<\/span>Informar a los interesados de promociones y descuentos ofrecidos por GRUPO CETUS a trav\u00e9s de diversos medios como, entre otros, correo electr\u00f3nico, o cualquier otro medio de comunicaci\u00f3n electr\u00f3nica equivalente, como SMS, o a trav\u00e9s de la realizaci\u00f3n de llamadas telef\u00f3nicas.<\/p>\n<h2 style=\"text-align: justify;\"><\/h2>\n<h2 style=\"text-align: justify;\"><\/h2>\n<h2 style=\"text-align: justify;\"><\/h2>\n<h2 style=\"text-align: justify;\"><\/h2>\n<h2 style=\"text-align: justify;\">\u00bfPor cu\u00e1nto tiempo trataremos sus datos personales?<\/h2>\n<p style=\"text-align: justify;\">Los datos proporcionados por los usuarios de la web a trav\u00e9s de formularios, cuestionarios o correo electr\u00f3nico s\u00f3lo se conservar\u00e1n el tiempo estrictamente necesario para atender la consulta o petici\u00f3n del interesado. Una vez atendida la consulta o petici\u00f3n los datos personales del usuario ser\u00e1n borrados, salvo que se entable con el usuario alguna relaci\u00f3n comercial en cuyo caso sus datos ser\u00edan incorporados al fichero correspondiente de la entidad.<\/p>\n<p style=\"text-align: justify;\">Los datos proporcionados por aquellos usuarios del portal que nos env\u00eden su curriculum vitae a trav\u00e9s del correo electr\u00f3nico habilitado a tal fin, permanecer\u00e1n activos en la base de datos de GRUPO CETUS por un per\u00edodo de un (1) a\u00f1o desde que el interesado los facilit\u00f3 dichos datos. Transcurrido dicho plazo, los datos proporcionados se mantendr\u00e1n bloqueados el tiempo estrictamente necesario que exija la normativa legal aplicable, momento en el cual se proceder\u00e1 a su supresi\u00f3n.<\/p>\n<p style=\"text-align: justify;\">Los datos proporcionados por aquellos usuarios del portal web que se den de alta en el servicio de comunicaciones comerciales y promociones (newsletter) ser\u00e1n conservados el tiempo que dichos usuarios est\u00e9n dados de alta en el referido servicio. En cualquier momento el interesado podr\u00e1 oponerse al tratamiento de sus datos para el env\u00edo de informaci\u00f3n, promociones y comunicaciones comerciales por parte de GRUPO CETUS d\u00e1ndose de baja con el env\u00edo de un correo electr\u00f3nico a la direcci\u00f3n <a href=\"mailto:privacidad@cetusglobal.com\">privacidad@cetusglobal.com<\/a>.<\/p>\n<h2 style=\"text-align: justify;\"><\/h2>\n<h2 style=\"text-align: justify;\"><\/h2>\n<h2 style=\"text-align: justify;\"><\/h2>\n<h2 style=\"text-align: justify;\"><\/h2>\n<h2 style=\"text-align: justify;\">\u00bfCu\u00e1l es la legitimaci\u00f3n para el tratamiento de sus datos?<\/h2>\n<p style=\"text-align: justify;\">La base legal para el tratamiento de los datos de los usuarios del portal web de GRUPO CETUS es el inter\u00e9s leg\u00edtimo que la entidad tiene a atender las consultas, peticiones de usuarios y potenciales clientes e informar a cualquier interesado en la empresa, sus productos y servicios.<\/p>\n<p style=\"text-align: justify;\">La base legal para el tratamiento de los datos de aquellos usuarios que nos presenten su curriculum vitae es el consentimiento prestado por el candidato. La base legal para el tratamiento de los datos de aquellos usuarios que soliciten expresamente el alta en el servicio de comunicaciones comerciales (newsletter) es el consentimiento del interesado.<\/p>\n<h2 style=\"text-align: justify;\"><\/h2>\n<h2 style=\"text-align: justify;\"><\/h2>\n<h2 style=\"text-align: justify;\"><\/h2>\n<h2 style=\"text-align: justify;\"><\/h2>\n<h2 style=\"text-align: justify;\">Terceros que participan en el tratamiento de sus datos personales<\/h2>\n<p style=\"text-align: justify;\">Salvo obligaci\u00f3n legal, en ning\u00fan caso cederemos sus datos personales a otras personas o entidades sin su consentimiento previo.<\/p>\n<p style=\"text-align: justify;\">No obstante, para cumplir las finalidades descritas en esta Pol\u00edtica de Privacidad en algunos casos deberemos dar acceso a sus datos personales a entidades del GRUPO CETUS para poder atender su consulta, sugerencia o petici\u00f3n o a proveedores de servicios que nos prestan apoyo como encargados de tratamiento (por ej. proveedores de servicios tecnol\u00f3gicos o proveedores de servicios relacionados con atenci\u00f3n al cliente).<\/p>\n<h2 style=\"text-align: justify;\"><\/h2>\n<h2 style=\"text-align: justify;\"><\/h2>\n<h2 style=\"text-align: justify;\"><\/h2>\n<h2 style=\"text-align: justify;\">Derechos del interesado<\/h2>\n<p style=\"text-align: justify;\"><span class=\"fa fa-caret-right\"><\/span><span>\u00a0<\/span>Derecho a solicitar el acceso a sus datos personales: usted podr\u00e1 preguntar a GRUPO CETUS si est\u00e1 tratando sus datos y qu\u00e9 datos trata.<\/p>\n<p style=\"text-align: justify;\"><span class=\"fa fa-caret-right\"><\/span><span>\u00a0<\/span>Derecho a solicitar la rectificaci\u00f3n de sus datos personales (si considera que son incorrectos) o su supresi\u00f3n (derecho al olvido).<\/p>\n<p style=\"text-align: justify;\"><span class=\"fa fa-caret-right\"><\/span><span>\u00a0<\/span>En determinadas circunstancias, derecho a limitar el tratamiento de sus datos personales, en cuyo caso \u00fanicamente ser\u00e1n conservados por la entidad para el ejercicio o la defensa de reclamaciones.<\/p>\n<p style=\"text-align: justify;\"><span class=\"fa fa-caret-right\"><\/span><span>\u00a0<\/span>En determinadas circunstancias y por motivos relacionados con su situaci\u00f3n particular, derecho a oponerse a su tratamiento: GRUPO CETUS dejar\u00e1 de tratar sus datos personales en la forma que usted nos indique, salvo que por motivos leg\u00edtimos imperiosos o el ejercicio de acciones legales o la defensa en posibles reclamaciones sea necesario continuar el tratamiento.<\/p>\n<p style=\"text-align: justify;\"><span class=\"fa fa-caret-right\"><\/span><span>\u00a0<\/span>Derecho a la portabilidad de datos: derecho a recibir los datos personales que incumben al interesado y que haya tratado GRUPO CETUS en un formato estructurado, de uso com\u00fan y lectura mec\u00e1nica y transmitirlos a otro responsable del tratamiento.<\/p>\n<p style=\"text-align: justify;\"><span class=\"fa fa-caret-right\"><\/span><span>\u00a0<\/span>El interesado podr\u00e1 ejercitar estos derechos mediante el env\u00edo de un correo electr\u00f3nico a la direcci\u00f3n privacidad@cetusglobal.com adjuntando copia del DNI o documento similar que lo identifique.<\/p>\n<p style=\"text-align: justify;\"><span class=\"fa fa-caret-right\"><\/span><span>\u00a0<\/span>Si el interesado no est\u00e1 de acuerdo con el modo en el que GRUPO CETUS est\u00e1 tratando sus datos, puede dirigirse al Responsable de Tratamiento en la direcci\u00f3n postal arriba indicada o a la Autoridad de Control en materia de Protecci\u00f3n de Datos que en Espa\u00f1a es la Agencia Espa\u00f1ola de Protecci\u00f3n de Datos.<\/p>\n<h2 style=\"text-align: justify;\"><\/h2>\n<h2 style=\"text-align: justify;\"><\/h2>\n<h2 style=\"text-align: justify;\"><\/h2>\n<h2 style=\"text-align: justify;\">\u00bfC\u00f3mo hemos obtenido sus datos?<\/h2>\n<p style=\"text-align: justify;\">Los datos personales que tratamos de los usuarios del portal son aportados directamente por el\/la interesado\/a y son los imprescindibles para la gestionar la petici\u00f3n o consulta formulada a trav\u00e9s del cuestionario o formulario web. Categor\u00edas de datos:<\/p>\n<p style=\"text-align: justify;\"><span class=\"fa fa-caret-right\"><\/span><span>\u00a0<\/span>Identificaci\u00f3n: nombre, apellidos.<\/p>\n<p style=\"text-align: justify;\"><span class=\"fa fa-caret-right\"><\/span><span>\u00a0<\/span>Contacto: direcci\u00f3n postal, tel\u00e9fono, correo electr\u00f3nico.<\/p>\n<p style=\"text-align: justify;\">Los datos personales que tratamos de los candidatos que nos env\u00eden su curriculum vitae son aportados directamente por el interesado\/a y son los imprescindibles para que el candidato pueda participar en el proceso de selecci\u00f3n. Categor\u00edas de datos:<\/p>\n<p style=\"text-align: justify;\"><span class=\"fa fa-caret-right\"><\/span><span>\u00a0<\/span>Identificaci\u00f3n: nombre, apellidos.<\/p>\n<p style=\"text-align: justify;\"><span class=\"fa fa-caret-right\"><\/span><span>\u00a0<\/span>Contacto: direcci\u00f3n postal, tel\u00e9fono, correo electr\u00f3nico.<\/p>\n<p style=\"text-align: justify;\"><span class=\"fa fa-caret-right\"><\/span><span>\u00a0<\/span>Datos acad\u00e9micos y profesionales: formaci\u00f3n\/titulaciones, experiencia profesional.<\/p>\n<p style=\"text-align: justify;\">En su caso, cuando el interesado lo haya consentido de forma expresa, los datos que trataremos para gestionar el env\u00edo de informaci\u00f3n comercial son los descritos a continuaci\u00f3n. Categor\u00edas de datos:<\/p>\n<p style=\"text-align: justify;\"><span class=\"fa fa-caret-right\"><\/span><span>\u00a0<\/span>Identificaci\u00f3n: nombre, apellidos.<\/p>\n<p style=\"text-align: justify;\"><span class=\"fa fa-caret-right\"><\/span><span>\u00a0<\/span>Contacto: direcci\u00f3n postal, tel\u00e9fono, correo electr\u00f3nico.<\/p>\n<p style=\"text-align: justify;\">\n<p style=\"text-align: justify;\">\n<p style=\"text-align: justify;\">\n<p style=\"text-align: justify;\">\n<p style=\"text-align: justify;\">\n<p style=\"text-align: justify;\">\n<p style=\"text-align: justify;\">\n<p style=\"text-align: justify;\">\n<p style=\"text-align: justify;\">\n<p style=\"text-align: justify;\">En Cerceda, a 07 de marzo de 2025.<\/p>\n<\/section>\n<\/div>\n<\/div>\n<\/div>\n<\/div>\n<\/div>\n<\/div>\n<div class=\"et_pb_section et_pb_section_1 et_section_regular\">\n<div class=\"et_pb_row et_pb_row_2 et_had_animation\">\n<div class=\"et_pb_column et_pb_column_1_2 et_pb_column_3  et_pb_css_mix_blend_mode_passthrough\">\n<div class=\"et_pb_module et_pb_blurb et_pb_blurb_0  et_pb_text_align_left  et_pb_blurb_position_top et_pb_bg_layout_light\">\n<div class=\"et_pb_blurb_content\">\n<div class=\"et_pb_main_blurb_image\" style=\"text-align: justify;\"><\/div>\n<\/div>\n<\/div>\n<\/div>\n<\/div>\n<\/div>\n<\/blockquote>\n<\/div>\n<\/div>\n<blockquote class=\"wp-block-quote\">\n<p><!-- \/divi:paragraph --><\/p>\n<\/blockquote>\n<p>&nbsp;<\/p>\n<p>&nbsp;<\/p>\n<p><!-- \/divi:quote --><\/p>[\/et_pb_text][\/et_pb_column][\/et_pb_row][\/et_pb_section]\n","protected":false},"excerpt":{"rendered":"<p>Pol\u00edtica de Privacidad En su calidad de Usuario, CETUS DIFUSI\u00d3N, S.L. (en adelante, \u201cGRUPO CETUS\u201d) le informa de su pol\u00edtica de protecci\u00f3n de datos de car\u00e1cter personal para que libre y voluntariamente pueda decidir facilitarnos, los datos personales que le podamos requerir para acceder a los distintos servicios y contenidos ofertados en nuestra p\u00e1gina web. [&hellip;]<\/p>\n","protected":false},"author":2,"featured_media":0,"parent":0,"menu_order":0,"comment_status":"closed","ping_status":"closed","template":"","meta":{"_et_pb_use_builder":"on","_et_pb_old_content":"","_et_gb_content_width":"","footnotes":""},"class_list":["post-671","page","type-page","status-publish","hentry"],"yoast_head":"<!-- This site is optimized with the Yoast SEO plugin v27.5 - https:\/\/yoast.com\/product\/yoast-seo-wordpress\/ -->\n<title>Pol\u00edtica de Privacidad - CetusGlobal<\/title>\n<meta name=\"robots\" content=\"index, follow, max-snippet:-1, max-image-preview:large, max-video-preview:-1\" \/>\n<link rel=\"canonical\" href=\"https:\/\/cetusglobal.com\/index.php\/politica-de-privacidad\/\" \/>\n<meta property=\"og:locale\" content=\"es_ES\" \/>\n<meta property=\"og:type\" content=\"article\" \/>\n<meta property=\"og:title\" content=\"Pol\u00edtica de Privacidad - CetusGlobal\" \/>\n<meta property=\"og:description\" content=\"Pol\u00edtica de Privacidad En su calidad de Usuario, CETUS DIFUSI\u00d3N, S.L. (en adelante, \u201cGRUPO CETUS\u201d) le informa de su pol\u00edtica de protecci\u00f3n de datos de car\u00e1cter personal para que libre y voluntariamente pueda decidir facilitarnos, los datos personales que le podamos requerir para acceder a los distintos servicios y contenidos ofertados en nuestra p\u00e1gina web. [&hellip;]\" \/>\n<meta property=\"og:url\" content=\"https:\/\/cetusglobal.com\/index.php\/politica-de-privacidad\/\" \/>\n<meta property=\"og:site_name\" content=\"CetusGlobal\" \/>\n<meta property=\"article:modified_time\" content=\"2025-03-07T08:55:39+00:00\" \/>\n<meta name=\"twitter:card\" content=\"summary_large_image\" \/>\n<meta name=\"twitter:label1\" content=\"Tiempo de lectura\" \/>\n\t<meta name=\"twitter:data1\" content=\"7 minutos\" \/>\n<script type=\"application\/ld+json\" class=\"yoast-schema-graph\">{\"@context\":\"https:\\\/\\\/schema.org\",\"@graph\":[{\"@type\":\"WebPage\",\"@id\":\"https:\\\/\\\/cetusglobal.com\\\/index.php\\\/politica-de-privacidad\\\/\",\"url\":\"https:\\\/\\\/cetusglobal.com\\\/index.php\\\/politica-de-privacidad\\\/\",\"name\":\"Pol\u00edtica de Privacidad - CetusGlobal\",\"isPartOf\":{\"@id\":\"https:\\\/\\\/cetusglobal.com\\\/#website\"},\"datePublished\":\"2025-03-07T08:55:38+00:00\",\"dateModified\":\"2025-03-07T08:55:39+00:00\",\"breadcrumb\":{\"@id\":\"https:\\\/\\\/cetusglobal.com\\\/index.php\\\/politica-de-privacidad\\\/#breadcrumb\"},\"inLanguage\":\"es\",\"potentialAction\":[{\"@type\":\"ReadAction\",\"target\":[\"https:\\\/\\\/cetusglobal.com\\\/index.php\\\/politica-de-privacidad\\\/\"]}]},{\"@type\":\"BreadcrumbList\",\"@id\":\"https:\\\/\\\/cetusglobal.com\\\/index.php\\\/politica-de-privacidad\\\/#breadcrumb\",\"itemListElement\":[{\"@type\":\"ListItem\",\"position\":1,\"name\":\"Portada\",\"item\":\"https:\\\/\\\/cetusglobal.com\\\/\"},{\"@type\":\"ListItem\",\"position\":2,\"name\":\"Pol\u00edtica de Privacidad\"}]},{\"@type\":\"WebSite\",\"@id\":\"https:\\\/\\\/cetusglobal.com\\\/#website\",\"url\":\"https:\\\/\\\/cetusglobal.com\\\/\",\"name\":\"CetusGlobal\",\"description\":\"Grupo Cetus\",\"publisher\":{\"@id\":\"https:\\\/\\\/cetusglobal.com\\\/#organization\"},\"potentialAction\":[{\"@type\":\"SearchAction\",\"target\":{\"@type\":\"EntryPoint\",\"urlTemplate\":\"https:\\\/\\\/cetusglobal.com\\\/?s={search_term_string}\"},\"query-input\":{\"@type\":\"PropertyValueSpecification\",\"valueRequired\":true,\"valueName\":\"search_term_string\"}}],\"inLanguage\":\"es\"},{\"@type\":\"Organization\",\"@id\":\"https:\\\/\\\/cetusglobal.com\\\/#organization\",\"name\":\"CetusGlobal\",\"url\":\"https:\\\/\\\/cetusglobal.com\\\/\",\"logo\":{\"@type\":\"ImageObject\",\"inLanguage\":\"es\",\"@id\":\"https:\\\/\\\/cetusglobal.com\\\/#\\\/schema\\\/logo\\\/image\\\/\",\"url\":\"https:\\\/\\\/cetusglobal.com\\\/wp-content\\\/uploads\\\/2020\\\/06\\\/logo_cetus-e1742812139811.png\",\"contentUrl\":\"https:\\\/\\\/cetusglobal.com\\\/wp-content\\\/uploads\\\/2020\\\/06\\\/logo_cetus-e1742812139811.png\",\"width\":1000,\"height\":273,\"caption\":\"CetusGlobal\"},\"image\":{\"@id\":\"https:\\\/\\\/cetusglobal.com\\\/#\\\/schema\\\/logo\\\/image\\\/\"}}]}<\/script>\n<!-- \/ Yoast SEO plugin. -->","yoast_head_json":{"title":"Pol\u00edtica de Privacidad - CetusGlobal","robots":{"index":"index","follow":"follow","max-snippet":"max-snippet:-1","max-image-preview":"max-image-preview:large","max-video-preview":"max-video-preview:-1"},"canonical":"https:\/\/cetusglobal.com\/index.php\/politica-de-privacidad\/","og_locale":"es_ES","og_type":"article","og_title":"Pol\u00edtica de Privacidad - CetusGlobal","og_description":"Pol\u00edtica de Privacidad En su calidad de Usuario, CETUS DIFUSI\u00d3N, S.L. (en adelante, \u201cGRUPO CETUS\u201d) le informa de su pol\u00edtica de protecci\u00f3n de datos de car\u00e1cter personal para que libre y voluntariamente pueda decidir facilitarnos, los datos personales que le podamos requerir para acceder a los distintos servicios y contenidos ofertados en nuestra p\u00e1gina web. [&hellip;]","og_url":"https:\/\/cetusglobal.com\/index.php\/politica-de-privacidad\/","og_site_name":"CetusGlobal","article_modified_time":"2025-03-07T08:55:39+00:00","twitter_card":"summary_large_image","twitter_misc":{"Tiempo de lectura":"7 minutos"},"schema":{"@context":"https:\/\/schema.org","@graph":[{"@type":"WebPage","@id":"https:\/\/cetusglobal.com\/index.php\/politica-de-privacidad\/","url":"https:\/\/cetusglobal.com\/index.php\/politica-de-privacidad\/","name":"Pol\u00edtica de Privacidad - CetusGlobal","isPartOf":{"@id":"https:\/\/cetusglobal.com\/#website"},"datePublished":"2025-03-07T08:55:38+00:00","dateModified":"2025-03-07T08:55:39+00:00","breadcrumb":{"@id":"https:\/\/cetusglobal.com\/index.php\/politica-de-privacidad\/#breadcrumb"},"inLanguage":"es","potentialAction":[{"@type":"ReadAction","target":["https:\/\/cetusglobal.com\/index.php\/politica-de-privacidad\/"]}]},{"@type":"BreadcrumbList","@id":"https:\/\/cetusglobal.com\/index.php\/politica-de-privacidad\/#breadcrumb","itemListElement":[{"@type":"ListItem","position":1,"name":"Portada","item":"https:\/\/cetusglobal.com\/"},{"@type":"ListItem","position":2,"name":"Pol\u00edtica de Privacidad"}]},{"@type":"WebSite","@id":"https:\/\/cetusglobal.com\/#website","url":"https:\/\/cetusglobal.com\/","name":"CetusGlobal","description":"Grupo Cetus","publisher":{"@id":"https:\/\/cetusglobal.com\/#organization"},"potentialAction":[{"@type":"SearchAction","target":{"@type":"EntryPoint","urlTemplate":"https:\/\/cetusglobal.com\/?s={search_term_string}"},"query-input":{"@type":"PropertyValueSpecification","valueRequired":true,"valueName":"search_term_string"}}],"inLanguage":"es"},{"@type":"Organization","@id":"https:\/\/cetusglobal.com\/#organization","name":"CetusGlobal","url":"https:\/\/cetusglobal.com\/","logo":{"@type":"ImageObject","inLanguage":"es","@id":"https:\/\/cetusglobal.com\/#\/schema\/logo\/image\/","url":"https:\/\/cetusglobal.com\/wp-content\/uploads\/2020\/06\/logo_cetus-e1742812139811.png","contentUrl":"https:\/\/cetusglobal.com\/wp-content\/uploads\/2020\/06\/logo_cetus-e1742812139811.png","width":1000,"height":273,"caption":"CetusGlobal"},"image":{"@id":"https:\/\/cetusglobal.com\/#\/schema\/logo\/image\/"}}]}},"_links":{"self":[{"href":"https:\/\/cetusglobal.com\/index.php\/wp-json\/wp\/v2\/pages\/671","targetHints":{"allow":["GET"]}}],"collection":[{"href":"https:\/\/cetusglobal.com\/index.php\/wp-json\/wp\/v2\/pages"}],"about":[{"href":"https:\/\/cetusglobal.com\/index.php\/wp-json\/wp\/v2\/types\/page"}],"author":[{"embeddable":true,"href":"https:\/\/cetusglobal.com\/index.php\/wp-json\/wp\/v2\/users\/2"}],"replies":[{"embeddable":true,"href":"https:\/\/cetusglobal.com\/index.php\/wp-json\/wp\/v2\/comments?post=671"}],"version-history":[{"count":0,"href":"https:\/\/cetusglobal.com\/index.php\/wp-json\/wp\/v2\/pages\/671\/revisions"}],"wp:attachment":[{"href":"https:\/\/cetusglobal.com\/index.php\/wp-json\/wp\/v2\/media?parent=671"}],"curies":[{"name":"wp","href":"https:\/\/api.w.org\/{rel}","templated":true}]}}